{"id":179,"date":"2011-07-13T09:34:59","date_gmt":"2011-07-13T06:34:59","guid":{"rendered":"http:\/\/www.valonkuvia.fi\/blogi\/?page_id=179"},"modified":"2016-06-02T22:41:50","modified_gmt":"2016-06-02T19:41:50","slug":"satchmo-kahdesti-syntynyt","status":"publish","type":"page","link":"https:\/\/www.valonkuvia.fi\/blogi\/jazzjutut\/jazzin-vesilla-kalastelevat-vieraat\/satchmo-kahdesti-syntynyt\/","title":{"rendered":"Satchmo, kahdesti syntynyt"},"content":{"rendered":"<p>Ensi elokuun nelj\u00e4nten\u00e4 p\u00e4iv\u00e4n\u00e4 tulee kuluneeksi tasan sata vuotta trumpetisti ja laulaja Louis Armstrongin syntym\u00e4st\u00e4. Varsin pitk\u00e4\u00e4n kaikessa jazzkirjallisuudessa, my\u00f6s Armstrongin omael\u00e4m\u00e4nkerrassa, syntym\u00e4p\u00e4iv\u00e4ksi kuitenkin mainittiin virheellisesti 4.7.1900. Uuden vuosisadan ensimm\u00e4inen Yhdysvaltain itsen\u00e4isyysp\u00e4iv\u00e4 oli kyll\u00e4 kaikin puolin sopiva syntym\u00e4p\u00e4iv\u00e4 miehelle, josta tuli er\u00e4s 1900-luvun suurimmista taiteilijoista.<\/p>\n<p>Virheellinen tieto syntym\u00e4ajasta perustui kutsunta-asiakirjaan vuodelta 1918, joka oli kauan varhaisin tunnettu kirjallinen dokumentti, jossa Armstrong mainitaan nimelt\u00e4. Tuolloin Armstrong marssi kutsuntalautakuntaan, rekister\u00f6ityi asevelvolliseksi ja sai taskuunsa kutsuntakortin. On kuitenkin luultavaa, ett\u00e4 Armstrong ei toiminut pelk\u00e4n is\u00e4nmaallisen innostuksen vallassa, vaikka h\u00e4n el\u00e4m\u00e4nkerrassaan vakuuttaakin olleensa valmis l\u00e4htem\u00e4\u00e4n sotaan Saksan keisaria vastaan milloin vain. Varsinainen motiivi lienee piillyt nimenomaan kutsuntakortissa, joka oli tuon ajan k\u00f6yhille mustille miehille er\u00e4s mahdollisuus saada virallinen todistus henkil\u00f6llisyydest\u00e4 ja i\u00e4st\u00e4.<\/p>\n<p>Armstrong tarvitsi todistuksen i\u00e4st\u00e4\u00e4n luultavasti silloiselle ty\u00f6nantajalleen yhtyeenjohtaja Fate Marablelle, joka halusi Armstrongin Mississipin jokilaivoilla soittavaan orkesteriinsa. S\u00e4\u00e4nn\u00f6kset olivat vastik\u00e4\u00e4n kiristyneet, eiv\u00e4tk\u00e4 monet yhtyeenjohtajat halunneet palkata t\u00f6ihin alaik\u00e4isi\u00e4. Koska Armstrong ei tiennyt oikeaa syntym\u00e4aikaansa, h\u00e4n ilmoitti kutsuntalautakunnalle syntym\u00e4p\u00e4iv\u00e4kseen helposti muistettavan itsen\u00e4isyysp\u00e4iv\u00e4n, jonka monet muutkin oikeasta syntym\u00e4p\u00e4iv\u00e4st\u00e4\u00e4n tiet\u00e4m\u00e4tt\u00f6m\u00e4t miehet valitsivat virallisiin papereihin.<\/p>\n<p>Valinta osoittautui osuvaksi ja hy\u00f6dylliseksi, sill\u00e4 my\u00f6hemmin Armstrongin manageri Joe Glaser otti p\u00e4iv\u00e4m\u00e4\u00e4r\u00e4st\u00e4 irti kaiken mahdollisen julkisuuden. H\u00e4n teki p\u00e4iv\u00e4m\u00e4\u00e4r\u00e4st\u00e4 osan Armstrongin legendaa nostamalla sen suuren yleis\u00f6n tietoon. Perinteinen, siis virheellinen, p\u00e4iv\u00e4m\u00e4\u00e4r\u00e4 on ollut monille Armstrong-harrastajille niin t\u00e4rke\u00e4, ett\u00e4 Armstrongin satavuotisjuhlia on vietetty sen perusteella jo viime vuodesta l\u00e4htien.<\/p>\n<p>Totuus syntym\u00e4ajasta paljastui vasta vuonna 1988, yksitoista vuotta Armstrongin kuoleman j\u00e4lkeen, kun amerikkalainen jazzkriitikko Gary Giddins julkisti oikean syntym\u00e4p\u00e4iv\u00e4n, joka perustui tutkija Tad Jonesin arkistoista esiin kaivamaan kastetodistukseen. Todistuksen mukaan Louis Armstrong syntyi siis 4.8. 1901 r\u00e4hj\u00e4isess\u00e4 talossa, joka sijaitsi Jane Alley-kadulla keskell\u00e4 New Orleansin kaikkein kurjimpia ja v\u00e4kivaltaisimpia seutuja.<\/p>\n<p>H\u00e4nen \u00e4itins\u00e4 Mary Albert eli Mayann, kuten Armstrong \u00e4iti\u00e4\u00e4n kutsui, oli pojan syntym\u00e4n aikaan vasta noin kuusitoistavuotias ja el\u00e4tti itse\u00e4\u00e4n, poikaansa ja my\u00f6hemmin syntynytt\u00e4 tyt\u00e4rt\u00e4\u00e4n ainakin ajoittain prostituutiolla. Is\u00e4 William Armstrong sen sijaan hylk\u00e4si poikansa ja vaimonsa hyvin pian. Is\u00e4 katosi niin perusteellisesti Armstrongin el\u00e4m\u00e4st\u00e4, ettei t\u00e4m\u00e4 is\u00e4n kuoltua halunnut osallistua edes hautajaisiin.<\/p>\n<p>Louis Armstrongin el\u00e4m\u00e4n l\u00e4ht\u00f6kohdat olivat siis eritt\u00e4in vaatimattomat. Kuitenkin h\u00e4n voitti vaikeat olosuhteet ja kohosi k\u00f6yhyyden keskelt\u00e4 er\u00e4\u00e4ksi jazzin ja musiikin historian suurimmista hahmoista, klassikoksi Bachin ja Mozartin rinnalle. Armstrongin musiikilliset saavutukset ovat sen verran merkitt\u00e4v\u00e4t, ett\u00e4 aion jatkaa niiden parissa viel\u00e4 elokuun kolumnissani.<\/p>\n<p>L\u00e4hde: Gary Giddins: Satchmo. The Genius of Louis Armstrong.<\/p>\n<p><em>11.7.2001<\/em><\/p>\n","protected":false},"excerpt":{"rendered":"<p>Ensi elokuun nelj\u00e4nten\u00e4 p\u00e4iv\u00e4n\u00e4 tulee kuluneeksi tasan sata vuotta trumpetisti ja laulaja Louis Armstrongin syntym\u00e4st\u00e4. Varsin pitk\u00e4\u00e4n kaikessa jazzkirjallisuudessa, my\u00f6s Armstrongin omael\u00e4m\u00e4nkerrassa, syntym\u00e4p\u00e4iv\u00e4ksi kuitenkin mainittiin virheellisesti 4.7.1900. Uuden vuosisadan ensimm\u00e4inen Yhdysvaltain itsen\u00e4isyysp\u00e4iv\u00e4 oli kyll\u00e4 kaikin puolin sopiva syntym\u00e4p\u00e4iv\u00e4 miehelle, josta tuli er\u00e4s 1900-luvun suurimmista taiteilijoista. Virheellinen tieto syntym\u00e4ajasta perustui kutsunta-asiakirjaan vuodelta 1918, joka oli kauan [&hellip;]<\/p>\n","protected":false},"author":1,"featured_media":0,"parent":128,"menu_order":0,"comment_status":"open","ping_status":"open","template":"onecolumn-page.php","meta":{"ngg_post_thumbnail":0,"footnotes":""},"class_list":["post-179","page","type-page","status-publish","hentry"],"jetpack_likes_enabled":false,"jetpack_sharing_enabled":true,"_links":{"self":[{"href":"https:\/\/www.valonkuvia.fi\/blogi\/wp-json\/wp\/v2\/pages\/179","targetHints":{"allow":["GET"]}}],"collection":[{"href":"https:\/\/www.valonkuvia.fi\/blogi\/wp-json\/wp\/v2\/pages"}],"about":[{"href":"https:\/\/www.valonkuvia.fi\/blogi\/wp-json\/wp\/v2\/types\/page"}],"author":[{"embeddable":true,"href":"https:\/\/www.valonkuvia.fi\/blogi\/wp-json\/wp\/v2\/users\/1"}],"replies":[{"embeddable":true,"href":"https:\/\/www.valonkuvia.fi\/blogi\/wp-json\/wp\/v2\/comments?post=179"}],"version-history":[{"count":4,"href":"https:\/\/www.valonkuvia.fi\/blogi\/wp-json\/wp\/v2\/pages\/179\/revisions"}],"predecessor-version":[{"id":10481,"href":"https:\/\/www.valonkuvia.fi\/blogi\/wp-json\/wp\/v2\/pages\/179\/revisions\/10481"}],"up":[{"embeddable":true,"href":"https:\/\/www.valonkuvia.fi\/blogi\/wp-json\/wp\/v2\/pages\/128"}],"wp:attachment":[{"href":"https:\/\/www.valonkuvia.fi\/blogi\/wp-json\/wp\/v2\/media?parent=179"}],"curies":[{"name":"wp","href":"https:\/\/api.w.org\/{rel}","templated":true}]}}