{"id":3856,"date":"2012-08-30T22:41:17","date_gmt":"2012-08-30T19:41:17","guid":{"rendered":"http:\/\/www.valonkuvia.fi\/blogi\/?page_id=3856"},"modified":"2012-08-30T22:41:17","modified_gmt":"2012-08-30T19:41:17","slug":"riitta-paakki-trio-enne","status":"publish","type":"page","link":"https:\/\/www.valonkuvia.fi\/blogi\/jazzjutut\/levyarvioita-m-p\/riitta-paakki-trio-enne\/","title":{"rendered":"Riitta Paakki Trio: Enne"},"content":{"rendered":"<p>Pianisti Riitta Paakin trion toinen levy &#8221;Enne&#8221; jatkaa saumattomasti samalla tiell\u00e4 kuin vuonna 2000 ilmestynyt debyyttilevy &#8221;Riitta Paakki Trio&#8221; (Impala 004). Trion kokoonpano on s\u00e4ilynyt samana ja my\u00f6s uutuus koostuu yhtyeen j\u00e4senten omista, p\u00e4tevist\u00e4 s\u00e4vellyksist\u00e4. &#8221;Enne&#8221; on yhdentoista kappaleen ehj\u00e4 kokonaisuus, joka tarjoaa melodista, v\u00e4lill\u00e4 hieman melankolista ja aina sujuvasti kulkevaa perinteist\u00e4 pianotriojazzia. Levy antaa kaikille trion j\u00e4senille oivallisia tilaisuuksia n\u00e4ytt\u00e4\u00e4 osaamistaan. Riitta Paakki on svengaava, turhia korikuvioita v\u00e4lttelev\u00e4 pianisti, Ari-Pekka Anttila totuttuun tapaansa yhtyett\u00e4 eteenp\u00e4in vakaasti kantava basisti ja Mikko Hassinen v\u00e4h\u00e4eleisen ja s\u00e4vykk\u00e4\u00e4n rumpujen soiton malliesimerkki.<\/p>\n<p>Tasalaatuisen, ehk\u00e4 hieman tasapaksunkin, levyn kappaleista voi erikseen nostaa esille vaikkapa levyn ytimekk\u00e4\u00e4n avauksen &#8221;Spikernikof&#8221;, Paakin kauniin s\u00e4vellyksen &#8221;Syli&#8221;, dramaattisen &#8221;Predatorin&#8221; ja leppoisasti svengaavan p\u00e4\u00e4t\u00f6sraidan &#8221;Tienoo&#8221;. Riitta Paakki Trio liikkuu nykyisin hyvin vilkkaasti liikenn\u00f6idyll\u00e4 tiell\u00e4, sill\u00e4 pianotriojen jazz on ollut viime aikoina varsin suosittua. Pohjoismaisina pianistiesimerkkein\u00e4 mieleen tulevat Esbj\u00f6rn Svensson, Jan Lundgren, Jacob Karlzon ja Samuli Mikkonen. Miellytt\u00e4v\u00e4 &#8221;Enne&#8221; ei mitenk\u00e4\u00e4n joudu h\u00e4pe\u00e4\u00e4n t\u00e4m\u00e4n joukon keskell\u00e4, mutta ei toisaalta tuo mukanaan mit\u00e4\u00e4n erityisen omaper\u00e4ist\u00e4. <\/p>\n<p><strong>Riitta Paakki Trio<\/strong>: Enne (Impala)<\/p>\n<p><em>Riitta Paakki; piano, Ari-Pekka Anttila; basso, Mikko Hassinen; rummut<\/em><\/p>\n<p>19.2. 2004<\/p>\n","protected":false},"excerpt":{"rendered":"<p>Pianisti Riitta Paakin trion toinen levy &#8221;Enne&#8221; jatkaa saumattomasti samalla tiell\u00e4 kuin vuonna 2000 ilmestynyt debyyttilevy &#8221;Riitta Paakki Trio&#8221; (Impala 004). Trion kokoonpano on s\u00e4ilynyt samana ja my\u00f6s uutuus koostuu yhtyeen j\u00e4senten omista, p\u00e4tevist\u00e4 s\u00e4vellyksist\u00e4. &#8221;Enne&#8221; on yhdentoista kappaleen ehj\u00e4 kokonaisuus, joka tarjoaa melodista, v\u00e4lill\u00e4 hieman melankolista ja aina sujuvasti kulkevaa perinteist\u00e4 pianotriojazzia. Levy antaa [&hellip;]<\/p>\n","protected":false},"author":1,"featured_media":0,"parent":1905,"menu_order":21,"comment_status":"open","ping_status":"open","template":"onecolumn-page.php","meta":{"ngg_post_thumbnail":0,"footnotes":""},"class_list":["post-3856","page","type-page","status-publish","hentry"],"jetpack_likes_enabled":false,"jetpack_sharing_enabled":true,"_links":{"self":[{"href":"https:\/\/www.valonkuvia.fi\/blogi\/wp-json\/wp\/v2\/pages\/3856","targetHints":{"allow":["GET"]}}],"collection":[{"href":"https:\/\/www.valonkuvia.fi\/blogi\/wp-json\/wp\/v2\/pages"}],"about":[{"href":"https:\/\/www.valonkuvia.fi\/blogi\/wp-json\/wp\/v2\/types\/page"}],"author":[{"embeddable":true,"href":"https:\/\/www.valonkuvia.fi\/blogi\/wp-json\/wp\/v2\/users\/1"}],"replies":[{"embeddable":true,"href":"https:\/\/www.valonkuvia.fi\/blogi\/wp-json\/wp\/v2\/comments?post=3856"}],"version-history":[{"count":1,"href":"https:\/\/www.valonkuvia.fi\/blogi\/wp-json\/wp\/v2\/pages\/3856\/revisions"}],"predecessor-version":[{"id":3857,"href":"https:\/\/www.valonkuvia.fi\/blogi\/wp-json\/wp\/v2\/pages\/3856\/revisions\/3857"}],"up":[{"embeddable":true,"href":"https:\/\/www.valonkuvia.fi\/blogi\/wp-json\/wp\/v2\/pages\/1905"}],"wp:attachment":[{"href":"https:\/\/www.valonkuvia.fi\/blogi\/wp-json\/wp\/v2\/media?parent=3856"}],"curies":[{"name":"wp","href":"https:\/\/api.w.org\/{rel}","templated":true}]}}